{"id":4,"date":"2022-11-19T09:06:33","date_gmt":"2022-11-19T09:06:33","guid":{"rendered":"https:\/\/xn--hrtgenwaldmarsch-jzb.com\/?page_id=4"},"modified":"2026-04-02T06:02:34","modified_gmt":"2026-04-02T06:02:34","slug":"willkommen-auf-https-xn-hrtgenwaldmarsch-jzb-com","status":"publish","type":"page","link":"https:\/\/xn--hrtgenwaldmarsch-jzb.com\/","title":{"rendered":""},"content":{"rendered":"\n<h2 class=\"wp-block-heading\">Anmeldung Funktioner (Anmeldeformular Marsch folgt im Mai!)<\/h2>\n\n\n\n<p>F\u00fcr die Durchf\u00fchrung des 41. Internationalen H\u00fcrtgenwaldmarsches am 28. und 29. August 2026 sind wir auf engagierte Unterst\u00fctzung angewiesen.<\/p>\n\n\n\n<p><strong>Dieser Aufruf richtet sich ausschlie\u00dflich an Funktioner\/Helfer.<\/strong><br>Eine Anmeldung als Teilnehmer am Marsch ist hier nicht m\u00f6glich. Das entsprechende Formular wird im Mai bereitgestellt.<\/p>\n\n\n\n<p>Der Einsatz als Funktioner ist sowohl im Rahmen einer Reservedienstleistung (RD) in der Vorbereitungsphase als auch an den Veranstaltungstagen im Rahmen einer DVag m\u00f6glich.<\/p>\n\n\n\n<p class=\"has-small-font-size\"><strong>Registration for Staff \/ Volunteers (March registration opens in May!)<\/strong> We are currently recruiting staff\/volunteers for the 41st International H\u00fcrtgen Forest March (28\u201329 August 2026). <strong>This registration is for staff\/volunteers only.<\/strong> Participant registration for the march itself will open in May. Staff support is possible during the preparation phase (military duty) as well as on event days.<\/p>\n\n\n\n<figure class=\"wp-block-image size-full\"><a href=\"https:\/\/forms.cloud.microsoft\/r\/P3NMXndjuf?origin=lprLink\"><img loading=\"lazy\" decoding=\"async\" width=\"532\" height=\"867\" src=\"https:\/\/xn--hrtgenwaldmarsch-jzb.com\/wp-content\/uploads\/2026\/04\/Bild-Anmeldung-Funktioner.png\" alt=\"\" class=\"wp-image-1852\" srcset=\"https:\/\/xn--hrtgenwaldmarsch-jzb.com\/wp-content\/uploads\/2026\/04\/Bild-Anmeldung-Funktioner.png 532w, https:\/\/xn--hrtgenwaldmarsch-jzb.com\/wp-content\/uploads\/2026\/04\/Bild-Anmeldung-Funktioner-184x300.png 184w\" sizes=\"auto, (max-width: 532px) 100vw, 532px\" \/><\/a><\/figure>\n\n\n\n<p><strong>R\u00fcckfragen bitte an:<\/strong><br>Kreisgesch\u00e4ftsstelle VdRBw Eschweiler<br>OrgLtr. Thomas Steppuhn, OFw d.R.<br>Donnerberg-Kaserne, Geb\u00e4ude 125<br>Birkengangstra\u00dfe 140<br>52249 Eschweiler<br>Telefon: 02403 \/ 961 24 60<\/p>\n\n\n\n<p><\/p>\n\n\n\n<h2 class=\"wp-block-heading\">Der neue H\u00fcrtgenwaldmarsch<\/h2>\n\n\n\n<p>Der 41. Internationale H\u00fcrtgenwaldmarsch wird im Jahr 2026 in der Eifel \/ Vossenack durchgef\u00fchrt. Das detaillierte Programm befindet sich derzeit in der Ausarbeitung und wird zu gegebener Zeit ver\u00f6ffentlicht.<\/p>\n\n\n\n<p>Die Online-Anmeldung wird ebenfalls an dieser Stelle bereitgestellt, sobald die organisatorischen Vorbereitungen abgeschlossen sind.<\/p>\n\n\n\n<p>H\u00f6hepunkt f\u00fcr viele Teilnehmende ist der Samstag. Auf verschiedenen Marschrouten \u00fcber unterschiedliche Distanzen geht es zu den Schaupl\u00e4tzen der schweren K\u00e4mpfe im H\u00fcrtgenwald ab Herbst 1944. Das sogenannte \u201eVerdun in der Eifel\u201c z\u00e4hlt zu den verlustreichsten Gefechten des Zweiten Weltkriegs. Daran erinnern verschiedene Gedenkst\u00e4tten.<\/p>\n\n\n\n<p>Gef\u00fchrte Touren sind ebenso vorgesehen wie unterschiedliche Streckenangebote. Alternativ kann die Region auch auf einer gesonderten MTB-Fahrradroute erschlossen werden. Der Start der ersten Teilnehmenden ist ab 08:30 Uhr geplant; bei k\u00fcrzeren Strecken sind sp\u00e4tere Startzeiten m\u00f6glich.<\/p>\n\n\n\n<p>Rund um den Sportplatz steht zudem die politische und historische Bildung im Mittelpunkt. Vortr\u00e4ge und Ausstellungen vermitteln Hintergr\u00fcnde und ordnen die Ereignisse ein.<\/p>\n\n\n\n<p>Am Freitag ist eine Kranzniederlegung auf der Kriegsgr\u00e4berst\u00e4tte H\u00fcrtgen vorgesehen.<\/p>\n\n\n\n<p class=\"has-black-color has-text-color has-link-color has-medium-font-size wp-elements-9ea9de3557edab6b4469dff93e6affdc\"><\/p>\n\n\n\n<h2 class=\"wp-block-heading\">The new H\u00fcrtgen Forest March<\/h2>\n\n\n\n<p>The 41st International H\u00fcrtgen Forest March will take place in 2026 in the Eifel region \/ Vossenack, Germany. The detailed program is currently under development and will be published in due course.<\/p>\n\n\n\n<p>Online registration will also be made available here once organizational preparations have been completed.<\/p>\n\n\n\n<p>For many participants, Saturday is the highlight. Various march routes over different distances lead to the sites of the heavy fighting in the H\u00fcrtgen Forest from autumn 1944 onward. The so-called \u201cVerdun of the Eifel\u201d is considered one of the most costly battles of World War II. Several memorial sites commemorate these events.<\/p>\n\n\n\n<p>Guided tours are planned alongside a range of route options. Alternatively, the area can also be explored via a designated MTB route. The first participants are scheduled to start at 08:30; later start times will be available for shorter distances.<\/p>\n\n\n\n<p>Political and historical education will also be a central element around the sports field. Lectures and exhibitions provide context and help interpret the events.<\/p>\n\n\n\n<p>A wreath-laying ceremony at the H\u00fcrtgen War Cemetery is scheduled for Friday.<\/p>\n\n\n\n<h2 class=\"wp-block-heading has-medium-font-size\">Aktuelle Informationen und laufende Updates werden erg\u00e4nzend auf der Facebook-Seite des H\u00fcrtgenwaldmarsches ver\u00f6ffentlicht.<\/h2>\n\n\n\n<h2 class=\"wp-block-heading has-medium-font-size\">Ongoing updates and current information will also be provided on the official H\u00fcrtgen Forest March Facebook page.<\/h2>\n\n\n\n<p><\/p>\n\n\n\n<p><\/p>\n\n\n\n<figure class=\"wp-block-image size-full is-resized\"><a href=\"https:\/\/www.facebook.com\/Huertgenwaldmarsch\/\"><img loading=\"lazy\" decoding=\"async\" width=\"726\" height=\"734\" src=\"https:\/\/xn--hrtgenwaldmarsch-jzb.com\/wp-content\/uploads\/2022\/12\/QR-Code-Facebook-IHM-IMG_3761.jpg\" alt=\"\" class=\"wp-image-284\" style=\"width:398px;height:402px\" srcset=\"https:\/\/xn--hrtgenwaldmarsch-jzb.com\/wp-content\/uploads\/2022\/12\/QR-Code-Facebook-IHM-IMG_3761.jpg 726w, https:\/\/xn--hrtgenwaldmarsch-jzb.com\/wp-content\/uploads\/2022\/12\/QR-Code-Facebook-IHM-IMG_3761-297x300.jpg 297w\" sizes=\"auto, (max-width: 726px) 100vw, 726px\" \/><\/a><\/figure>\n\n\n\n<p>Besucht uns auch auf Facebook | Visit us also on Facebook<\/p>\n\n\n\n<h2 class=\"wp-block-heading\"><\/h2>\n\n\n\n<p><\/p>\n","protected":false},"excerpt":{"rendered":"<p>Anmeldung Funktioner (Anmeldeformular Marsch folgt im Mai!) F\u00fcr die Durchf\u00fchrung des 41. Internationalen H\u00fcrtgenwaldmarsches am 28. und 29. August 2026 sind wir auf engagierte Unterst\u00fctzung angewiesen. Dieser Aufruf richtet sich [&hellip;]<\/p>\n","protected":false},"author":1,"featured_media":0,"parent":0,"menu_order":0,"comment_status":"closed","ping_status":"open","template":"","meta":{"footnotes":""},"class_list":["post-4","page","type-page","status-publish","hentry"],"_links":{"self":[{"href":"https:\/\/xn--hrtgenwaldmarsch-jzb.com\/index.php?rest_route=\/wp\/v2\/pages\/4","targetHints":{"allow":["GET"]}}],"collection":[{"href":"https:\/\/xn--hrtgenwaldmarsch-jzb.com\/index.php?rest_route=\/wp\/v2\/pages"}],"about":[{"href":"https:\/\/xn--hrtgenwaldmarsch-jzb.com\/index.php?rest_route=\/wp\/v2\/types\/page"}],"author":[{"embeddable":true,"href":"https:\/\/xn--hrtgenwaldmarsch-jzb.com\/index.php?rest_route=\/wp\/v2\/users\/1"}],"replies":[{"embeddable":true,"href":"https:\/\/xn--hrtgenwaldmarsch-jzb.com\/index.php?rest_route=%2Fwp%2Fv2%2Fcomments&post=4"}],"version-history":[{"count":94,"href":"https:\/\/xn--hrtgenwaldmarsch-jzb.com\/index.php?rest_route=\/wp\/v2\/pages\/4\/revisions"}],"predecessor-version":[{"id":1853,"href":"https:\/\/xn--hrtgenwaldmarsch-jzb.com\/index.php?rest_route=\/wp\/v2\/pages\/4\/revisions\/1853"}],"wp:attachment":[{"href":"https:\/\/xn--hrtgenwaldmarsch-jzb.com\/index.php?rest_route=%2Fwp%2Fv2%2Fmedia&parent=4"}],"curies":[{"name":"wp","href":"https:\/\/api.w.org\/{rel}","templated":true}]}}